{"id":5553,"date":"2022-06-30T04:57:27","date_gmt":"2022-06-30T03:57:27","guid":{"rendered":"https:\/\/testprimeposts.wpengine.com\/?page_id=5553"},"modified":"2023-02-20T02:29:29","modified_gmt":"2023-02-20T02:29:29","slug":"privacy-policy","status":"publish","type":"page","link":"https:\/\/prime-posts.com\/es\/privacy-policy\/","title":{"rendered":"Pol\u00edtica de Privacidad"},"content":{"rendered":"\n<p><strong>Aviso de privacidad<\/strong><\/p>\n\n\n<div  class=\"ewd-ufaq-faq-list ewd-ufaq-page-type-distinct ewd-ufaq-category-tabs-\" id='ewd-ufaq-faq-list'>\n\n\t<input type='hidden' name='show_on_load' value='' id='ewd-ufaq-show-on-load' \/>\n<input type='hidden' name='include_category' value='' id='ewd-ufaq-include-category' \/>\n<input type='hidden' name='exclude_category' value='' id='ewd-ufaq-exclude-category' \/>\n<input type='hidden' name='orderby' value='title' id='ewd-ufaq-orderby' \/>\n<input type='hidden' name='order' value='asc' id='ewd-ufaq-order' \/>\n<input type='hidden' name='post_count' value='-1' id='ewd-ufaq-post-count' \/>\n<input type='hidden' name='current_url' value='\/es\/wp-json\/wp\/v2\/pages\/5553' id='ewd-ufaq-current-url' \/>\n\t\n\t\n\t<div class='ewd-ufaq-faqs'>\n\n\t\t<div  class=\"ewd-ufaq-faq-div ewd-ufaq-faq-column-count-one ewd-ufaq-faq-responsive-columns- ewd-ufaq-faq-display-style-default ewd-ufaq-can-be-toggled\" id='ewd-ufaq-post-5619-8T3BIB29p3' data-post_id='5619'>\n\n\t\t\n\t<div class='ewd-ufaq-faq-title ewd-ufaq-faq-toggle'>\n\t\n\t<a class='ewd-ufaq-post-margin'  href='#' role=\"button\">\n\n\t\t<div class='ewd-ufaq-post-margin-symbol ewd-ufaq-'>\n\t\t\t<span >a<\/span>\n\t\t<\/div>\n\n\t\t<div class='ewd-ufaq-faq-title-text'>\n\n\t\t\t<h4>\n\t\t\t\t1. Disposiciones generales\t\t\t<\/h4>\n\n\t\t<\/div>\n\n\t\t<div class='ewd-ufaq-clear'><\/div>\n\n\t<\/a>\n\t\n<\/div>\n\t\n\t<div class='ewd-ufaq-faq-body ewd-ufaq-hidden' >\n\n\t\t\n\t\t\t\n\t\t\n\t\t\t<div class='ewd-ufaq-post-margin ewd-ufaq-faq-post'>\n\t\n<h3 class=\"wp-block-heading\">1.1. Introducci\u00f3n<\/h3>\n\n\n\n<p>El presente aviso de privacidad (\"<strong>Aviso de privacidad<\/strong>\") se aplica a los datos personales que procesamos sobre usted como persona f\u00edsica.<\/p>\n\n\n\n<p>En las secciones siguientes encontrar\u00e1 informaci\u00f3n sobre qu\u00e9 ocurre con los datos personales que recopilamos, por qu\u00e9 lo hacemos, cu\u00e1nto tiempo los conservamos, cu\u00e1les son sus derechos de privacidad y c\u00f3mo puede ejercerlos.<\/p>\n\n\n\n<p>International Post Corporation SCRL, con domicilio social en avenue du Bourget 44, 1130 Haren (Bruselas), B\u00e9lgica, IVA BE 0436.501.681 RPR\/RPM Bruselas (\"<strong>IPC<\/strong>\", \"<strong>nosotros<\/strong>\" o \"<strong>nuestro<\/strong>\"), como responsable del tratamiento de datos.<\/p>\n\n\n\n<h3 class=\"wp-block-heading\">1.2. C\u00f3mo ponerse en contacto con nosotros<\/h3>\n\n\n\n<p>Si tiene alguna pregunta o duda en relaci\u00f3n con este Aviso de privacidad, o si desea ejercer alguno de los derechos enumerados en la secci\u00f3n \"Sus derechos\", env\u00ede una solicitud por escrito a nuestra direcci\u00f3n anterior o por correo electr\u00f3nico a\u00a0<a href=\"mailto:helpdesk@ipc.be?subject=Privacidad\">dpo@ipc.be<\/a>.\u00a0<\/p>\n\n\n\n<p>Usted debe presentar una prueba de su identidad para poder ejercer cualquiera de los derechos enumerados en la secci\u00f3n \"Sus derechos\".\u00a0<\/p>\n\n\n\n<p>Toda comunicaci\u00f3n que realicemos en relaci\u00f3n con sus derechos, tal y como se detalla a continuaci\u00f3n, se realizar\u00e1 de forma gratuita. Sin embargo, en caso de solicitudes manifiestamente infundadas o excesivas, en particular por su car\u00e1cter repetitivo, la IPC podr\u00e1 cobrar una tasa razonable teniendo en cuenta los costos administrativos de proporcionar la informaci\u00f3n, o la comunicaci\u00f3n, o de realizar la acci\u00f3n solicitada, o podr\u00eda negarse a dar curso a la solicitud.<\/p>\n\n\n\n<p>Tambi\u00e9n tiene derecho a presentar una reclamaci\u00f3n ante la autoridad competente, en particular en el Estado miembro de su residencia habitual o lugar de trabajo, por una supuesta violaci\u00f3n del RGPD.<\/p>\n\n\n\n<h3 class=\"wp-block-heading\">1.3. Actualizaciones de este Aviso de Privacidad<\/h3>\n\n\n\n<p>Llevamos a cabo revisiones regulares de nuestro Aviso de Privacidad y lo actualizaremos cuando sea necesario. La \u00faltima versi\u00f3n est\u00e1 siempre disponible en nuestro sitio web con la fecha de publicaci\u00f3n claramente indicada.<\/p>\n<\/div>\n\t\t\n\t\t\t\n\t\t\n\t\t\t\n\t\t\n\t\t\t\n\t\t\n\t\t\t\n\t\t\n\t\t\t\n\t\t\n\t\t\t\n\t\t\n\t\t\t\n\t\t\n\t\t\t\n\t\t\n\t<\/div>\n\n<\/div><div  class=\"ewd-ufaq-faq-div ewd-ufaq-faq-column-count-one ewd-ufaq-faq-responsive-columns- ewd-ufaq-faq-display-style-default ewd-ufaq-can-be-toggled\" id='ewd-ufaq-post-5620-L6gS1WdvDV' data-post_id='5620'>\n\n\t\t\n\t<div class='ewd-ufaq-faq-title ewd-ufaq-faq-toggle'>\n\t\n\t<a class='ewd-ufaq-post-margin'  href='#' role=\"button\">\n\n\t\t<div class='ewd-ufaq-post-margin-symbol ewd-ufaq-'>\n\t\t\t<span >a<\/span>\n\t\t<\/div>\n\n\t\t<div class='ewd-ufaq-faq-title-text'>\n\n\t\t\t<h4>\n\t\t\t\t2. Tratamiento de datos personales\t\t\t<\/h4>\n\n\t\t<\/div>\n\n\t\t<div class='ewd-ufaq-clear'><\/div>\n\n\t<\/a>\n\t\n<\/div>\n\t\n\t<div class='ewd-ufaq-faq-body ewd-ufaq-hidden' >\n\n\t\t\n\t\t\t\n\t\t\n\t\t\t<div class='ewd-ufaq-post-margin ewd-ufaq-faq-post'>\n\t\n<h3 class=\"wp-block-heading\">2.1. Datos personales que recopilamos, legalidad del tratamiento, c\u00f3mo recopilamos sus datos personales y la finalidad del tratamiento<\/h3>\n\n\n\n<h4 class=\"wp-block-heading\"><em>2.1.1.\u00a0\u00a0\u00a0 Informaci\u00f3n recopilada<\/em><\/h4>\n\n\n\n<p>La IPC recopila los siguientes datos personales:<\/p>\n\n\n\n<p><strong><em>Usuarios del servicio PRIME<\/em><\/strong><strong><em><\/em><\/strong><\/p>\n\n\n\n<ul class=\"wp-block-list\">\n<li>Nombre completo (primer nombre y apellido)<\/li>\n\n\n\n<li>Correo electr\u00f3nico<\/li>\n\n\n\n<li>Nombre de usuario<\/li>\n\n\n\n<li>Nombre de visualizaci\u00f3n<\/li>\n\n\n\n<li>Nombre del cargo<\/li>\n\n\n\n<li>Organizaci\u00f3n<\/li>\n\n\n\n<li>N\u00famero de tel\u00e9fono<\/li>\n<\/ul>\n\n\n\n<p><strong><em>Miembros del Consejo de Administraci\u00f3n (cada punto es opcional)<\/em><\/strong><strong><em><\/em><\/strong><\/p>\n\n\n\n<ul class=\"wp-block-list\">\n<li>Primer nombre<\/li>\n\n\n\n<li>Apellido<\/li>\n\n\n\n<li>Correo electr\u00f3nico<\/li>\n\n\n\n<li>Nombre de usuario<\/li>\n\n\n\n<li>Nombre de visualizaci\u00f3n<\/li>\n\n\n\n<li>Nombre del cargo<\/li>\n\n\n\n<li>Organizaci\u00f3n<\/li>\n\n\n\n<li>N\u00famero de tel\u00e9fono<\/li>\n\n\n\n<li>Su foto de perfil<\/li>\n\n\n\n<li>Biograf\u00eda<\/li>\n<\/ul>\n\n\n\n<p>Tambi\u00e9n utilizamos cookies en nuestro sitio web de PRIME para recopilar informaci\u00f3n adicional. Consulte la secci\u00f3n 2.1.6.<\/p>\n\n\n\n<h4 class=\"wp-block-heading\"><em>2.1.2.\u00a0\u00a0\u00a0 Legalidad del tratamiento<\/em><\/h4>\n\n\n\n<p><a>El tratamiento de sus datos se basa en el consentimiento que usted dio libremente en el momento del registro en los servicios de PRIME. (Art\u00edculo 6, apartado 1, letra a) del RGPD)<\/a><\/p>\n\n\n\n<h4 class=\"wp-block-heading\"><em>2.1.3.\u00a0\u00a0\u00a0 C\u00f3mo recopilamos sus datos personales<\/em><\/h4>\n\n\n\n<p>La recopilaci\u00f3n de sus datos personales se realiza durante el proceso de registro que usted realiza directamente. La exactitud de los datos est\u00e1 sujeta a lo que usted ingrese en los campos correspondientes.<\/p>\n\n\n\n<h5 class=\"wp-block-heading\"><em>2.1.4.\u00a0\u00a0\u00a0 Tratamiento por parte de la IPC o en su nombre<\/em><\/h5>\n\n\n\n<p>La IPC s\u00f3lo almacena y utiliza sus datos para que usted pueda acceder al sitio web y a los servicios de PRIME.<\/p>\n\n\n\n<p>La IPC no revelar\u00e1 sus datos a ninguna tercera parte interna o externa que no se dedique a la gesti\u00f3n de los servicios o al apoyo de la infraestructura t\u00e9cnica de PRIME.<\/p>\n\n\n\n<h4 class=\"wp-block-heading\"><em>2.1.5.\u00a0\u00a0\u00a0 Toma de decisiones automatizada<\/em><\/h4>\n\n\n\n<p>No se lleva a cabo ninguna actividad de toma de decisiones automatizada en relaci\u00f3n con los datos personales que la IPC recopila de usted.<\/p>\n\n\n\n<h4 class=\"wp-block-heading\"><em>2.1.6.\u00a0\u00a0\u00a0 Usuarios de los sitios web de la IPC<\/em><\/h4>\n\n\n\n<p>La IPC utiliza cookies. Los datos que recopilamos a trav\u00e9s de dichas cookies, la finalidad de la recopilaci\u00f3n y el per\u00edodo de conservaci\u00f3n se detallan en el Aviso sobre cookies.<\/p>\n\n\n\n<p>Consulte nuestro <strong><a href=\"\/es\/cookie-policy-es\">Aviso sobre cookies<\/a><\/strong><\/p>\n\n\n\n<h3 class=\"wp-block-heading\"><\/h3>\n<\/div>\n\t\t\n\t\t\t\n\t\t\n\t\t\t\n\t\t\n\t\t\t\n\t\t\n\t\t\t\n\t\t\n\t\t\t\n\t\t\n\t\t\t\n\t\t\n\t\t\t\n\t\t\n\t\t\t\n\t\t\n\t<\/div>\n\n<\/div><div  class=\"ewd-ufaq-faq-div ewd-ufaq-faq-column-count-one ewd-ufaq-faq-responsive-columns- ewd-ufaq-faq-display-style-default ewd-ufaq-can-be-toggled\" id='ewd-ufaq-post-5621-6ffpf5yN15' data-post_id='5621'>\n\n\t\t\n\t<div class='ewd-ufaq-faq-title ewd-ufaq-faq-toggle'>\n\t\n\t<a class='ewd-ufaq-post-margin'  href='#' role=\"button\">\n\n\t\t<div class='ewd-ufaq-post-margin-symbol ewd-ufaq-'>\n\t\t\t<span >a<\/span>\n\t\t<\/div>\n\n\t\t<div class='ewd-ufaq-faq-title-text'>\n\n\t\t\t<h4>\n\t\t\t\t3. Sus derechos\t\t\t<\/h4>\n\n\t\t<\/div>\n\n\t\t<div class='ewd-ufaq-clear'><\/div>\n\n\t<\/a>\n\t\n<\/div>\n\t\n\t<div class='ewd-ufaq-faq-body ewd-ufaq-hidden' >\n\n\t\t\n\t\t\t\n\t\t\n\t\t\t<div class='ewd-ufaq-post-margin ewd-ufaq-faq-post'>\n\t\n<p>Usted, como individuo cuyos datos personales se procesan seg\u00fan lo descrito en este Aviso de Privacidad, tiene una serie de derechos que se resumen a grandes rasgos en la siguiente lista. Tenga en cuenta que el ejercicio de estos derechos est\u00e1 sujeto a determinados requisitos y condiciones establecidos por la legislaci\u00f3n aplicable. Si desea acceder a sus datos personales o ejercer alguno de los derechos que se enumeran a continuaci\u00f3n, deber\u00e1 solicitarlo por escrito a trav\u00e9s de los datos de contacto que se indican en el apartado <em>\"1.2.<\/em> <em>\u00a0C\u00f3mo ponerse en contacto con nosotros\"<\/em>.<\/p>\n\n\n\n<h3 class=\"wp-block-heading\">3.1. Derecho de acceso<\/h3>\n\n\n\n<p>Tiene derecho a que le confirmemos si tratamos o no sus datos personales y, en ese caso, tiene derecho a obtener una copia gratuita de los datos tratados. Tambi\u00e9n le proporcionaremos informaci\u00f3n relacionada con:<\/p>\n\n\n\n<ul class=\"wp-block-list\">\n<li>Los fines del tratamiento<\/li>\n\n\n\n<li>Las categor\u00edas de datos personales que se tratan<\/li>\n\n\n\n<li>Las personas o categor\u00edas de personas a las que se han comunicado o se comunicar\u00e1n sus datos personales<\/li>\n\n\n\n<li>Durante cu\u00e1nto tiempo se almacenar\u00e1n sus datos personales<\/li>\n\n\n\n<li>La existencia de sus derechos de privacidad, como se explica m\u00e1s adelante<\/li>\n\n\n\n<li>Toda la informaci\u00f3n disponible que tenemos sobre el origen de los datos si no fue usted quien los proporcion\u00f3<\/li>\n\n\n\n<li>La existencia de una toma de decisiones automatizada<\/li>\n<\/ul>\n\n\n\n<p>Podemos solicitar una tarifa razonable para cubrir nuestros costos administrativos por cada copia adicional que solicite.<\/p>\n\n\n\n<h3 class=\"wp-block-heading\">3.2. Derecho de rectificaci\u00f3n<\/h3>\n\n\n\n<p>Usted tiene derecho a que nosotros rectifiquemos o completemos los datos personales inexactos o incompletos sobre usted.<\/p>\n\n\n\n<h3 class=\"wp-block-heading\">3.3. Derecho de supresi\u00f3n (\"derecho al olvido\")<\/h3>\n\n\n\n<p>Tiene derecho a que se borren sus datos personales en virtud de uno de los siguientes motivos:<\/p>\n\n\n\n<ul class=\"wp-block-list\">\n<li>Sus datos personales ya no son necesarios en relaci\u00f3n con los fines para los que fueron recopilados o tratados<\/li>\n\n\n\n<li>Usted retira su consentimiento previo para el tratamiento y no existe ninguna otra base jur\u00eddica en la que podamos basarnos para el tratamiento (posterior)<\/li>\n\n\n\n<li>Usted se ha opuesto al tratamiento para comunicaciones directas<\/li>\n\n\n\n<li>Usted se ha opuesto al tratamiento que se basa en nuestro inter\u00e9s leg\u00edtimo y ya no existen motivos serios y justificados para nuestro tratamiento (posterior).<\/li>\n<\/ul>\n\n\n\n<p>No estamos obligados a atender su solicitud de supresi\u00f3n cuando el tratamiento sea necesario para el establecimiento, el ejercicio o la defensa de reclamaciones legales.<\/p>\n\n\n\n<h3 class=\"wp-block-heading\">3.4. Derecho a la restricci\u00f3n del tratamiento<\/h3>\n\n\n\n<p>Tiene derecho a obtener la restricci\u00f3n del tratamiento:<\/p>\n\n\n\n<ul class=\"wp-block-list\">\n<li>Si impugna la exactitud de sus datos personales, podemos restringir el tratamiento impugnado durante el per\u00edodo que necesitemos para verificar la exactitud de sus datos personales<\/li>\n\n\n\n<li>Si ya no necesitamos sus datos personales, pero usted los necesita para el establecimiento, el ejercicio o la defensa de reclamaciones legales<\/li>\n\n\n\n<li>Si se ha opuesto al tratamiento basado en nuestros intereses leg\u00edtimos, podemos restringir el tratamiento objetado durante el per\u00edodo que necesitemos para verificar si sus motivos leg\u00edtimos son v\u00e1lidos.<\/li>\n<\/ul>\n\n\n\n<h3 class=\"wp-block-heading\">3.5. Derecho a la portabilidad de los datos<\/h3>\n\n\n\n<p>Tiene derecho a solicitar la portabilidad de sus datos personales tratados por medios automatizados que nos haya comunicado. Esto s\u00f3lo es posible si el tratamiento se basa en su consentimiento o en el cumplimiento de un contrato. En todos los dem\u00e1s casos, no podr\u00e1 ejercer este derecho (por ejemplo, cuando el tratamiento de sus datos se realice sobre la base de una obligaci\u00f3n legal).<\/p>\n\n\n\n<h3 class=\"wp-block-heading\">3.6. Derecho de oposici\u00f3n<\/h3>\n\n\n\n<p>Tiene derecho a oponerse a cualquier tratamiento basado en nuestro inter\u00e9s leg\u00edtimo. Sin embargo, continuaremos el tratamiento de sus datos personales si podemos demostrar que tenemos motivos leg\u00edtimos m\u00e1s fuertes.<\/p>\n\n\n\n<p>Tiene derecho a oponerse a cualquier tratamiento con fines de marketing directo.<\/p>\n\n\n\n<p>Tiene derecho a retirar su consentimiento para el tratamiento de datos personales en la medida en que el tratamiento de sus datos personales se haya basado inicialmente en su consentimiento.<\/p>\n\n\n\n<h3 class=\"wp-block-heading\">3.7. Derecho a presentar una reclamaci\u00f3n<\/h3>\n\n\n\n<p>Tambi\u00e9n tiene derecho a presentar una reclamaci\u00f3n ante la autoridad de control del Estado miembro europeo en el que tenga su residencia habitual o su lugar de trabajo, o en el que se produzca la presunta infracci\u00f3n de la legislaci\u00f3n aplicable en materia de protecci\u00f3n de datos:<\/p>\n\n\n\n<p>En B\u00e9lgica, la autoridad de control es:<\/p>\n\n\n\n<p>Autorit\u00e9 de protection des donn\u00e9es<br>Gegevensbeschermingsautoriteit<br>Rue de la presse 35, 1000 Bruselas<br><a href=\"mailto:contact@apd-gba.be\">contact@apd-gba.be<\/a><br><a href=\"https:\/\/www.dataprotectionauthority.be\/\" target=\"_blank\" rel=\"noreferrer noopener\">www.dataprotectionauthority.be<\/a><\/p>\n\n\n\n<p>En caso de conflicto, discrepancia o contradicci\u00f3n entre la versi\u00f3n en ingl\u00e9s y las traducciones, prevalecer\u00e1 la versi\u00f3n en ingl\u00e9s.<\/p>\n<\/div>\n\t\t\n\t\t\t\n\t\t\n\t\t\t\n\t\t\n\t\t\t\n\t\t\n\t\t\t\n\t\t\n\t\t\t\n\t\t\n\t\t\t\n\t\t\n\t\t\t\n\t\t\n\t\t\t\n\t\t\n\t<\/div>\n\n<\/div>\n\t<\/div>\n\n\t\n<\/div>\n","protected":false},"excerpt":{"rendered":"<p>A 3. Sus derechos Usted, como individuo cuyos datos personales se procesan seg\u00fan lo descrito en [&hellip;]<\/p>\n","protected":false},"author":1,"featured_media":0,"parent":0,"menu_order":12,"comment_status":"closed","ping_status":"closed","template":"","meta":{"footnotes":""},"class_list":["post-5553","page","type-page","status-publish","hentry",""],"acf":[],"yoast_head":"<!-- This site is optimized with the Yoast SEO plugin v26.6 - https:\/\/yoast.com\/wordpress\/plugins\/seo\/ -->\n<title>Pol\u00edtica de Privacidad - PRIME<\/title>\n<meta name=\"robots\" content=\"index, follow, max-snippet:-1, max-image-preview:large, max-video-preview:-1\" \/>\n<link rel=\"canonical\" href=\"https:\/\/prime-posts.com\/es\/privacy-policy\/\" \/>\n<meta property=\"og:locale\" content=\"es_ES\" \/>\n<meta property=\"og:type\" content=\"article\" \/>\n<meta property=\"og:title\" content=\"Pol\u00edtica de Privacidad - PRIME\" \/>\n<meta property=\"og:description\" content=\"A 3. Sus derechos Usted, como individuo cuyos datos personales se procesan seg\u00fan lo descrito en [&hellip;]\" \/>\n<meta property=\"og:url\" content=\"https:\/\/prime-posts.com\/es\/privacy-policy\/\" \/>\n<meta property=\"og:site_name\" content=\"PRIME\" \/>\n<meta property=\"article:modified_time\" content=\"2023-02-20T02:29:29+00:00\" \/>\n<meta name=\"twitter:card\" content=\"summary_large_image\" \/>\n<meta name=\"twitter:label1\" content=\"Tiempo de lectura\" \/>\n\t<meta name=\"twitter:data1\" content=\"1 minuto\" \/>\n<script type=\"application\/ld+json\" class=\"yoast-schema-graph\">{\"@context\":\"https:\/\/schema.org\",\"@graph\":[{\"@type\":\"WebPage\",\"@id\":\"https:\/\/prime-posts.com\/es\/privacy-policy\/\",\"url\":\"https:\/\/prime-posts.com\/es\/privacy-policy\/\",\"name\":\"Pol\u00edtica de Privacidad - PRIME\",\"isPartOf\":{\"@id\":\"https:\/\/prime-posts.com\/#website\"},\"datePublished\":\"2022-06-30T03:57:27+00:00\",\"dateModified\":\"2023-02-20T02:29:29+00:00\",\"inLanguage\":\"es\",\"potentialAction\":[{\"@type\":\"ReadAction\",\"target\":[\"https:\/\/prime-posts.com\/es\/privacy-policy\/\"]}]},{\"@type\":\"WebSite\",\"@id\":\"https:\/\/prime-posts.com\/#website\",\"url\":\"https:\/\/prime-posts.com\/\",\"name\":\"PRIME\",\"description\":\"Delivering the future in tracked packets\",\"publisher\":{\"@id\":\"https:\/\/prime-posts.com\/#organization\"},\"potentialAction\":[{\"@type\":\"SearchAction\",\"target\":{\"@type\":\"EntryPoint\",\"urlTemplate\":\"https:\/\/prime-posts.com\/?s={search_term_string}\"},\"query-input\":{\"@type\":\"PropertyValueSpecification\",\"valueRequired\":true,\"valueName\":\"search_term_string\"}}],\"inLanguage\":\"es\"},{\"@type\":\"Organization\",\"@id\":\"https:\/\/prime-posts.com\/#organization\",\"name\":\"PRIME\",\"url\":\"https:\/\/prime-posts.com\/\",\"logo\":{\"@type\":\"ImageObject\",\"inLanguage\":\"es\",\"@id\":\"https:\/\/prime-posts.com\/#\/schema\/logo\/image\/\",\"url\":\"http:\/\/prime-posts.test\/wp-content\/uploads\/2021\/11\/prime-logo@2x.png\",\"contentUrl\":\"http:\/\/prime-posts.test\/wp-content\/uploads\/2021\/11\/prime-logo@2x.png\",\"width\":1060,\"height\":218,\"caption\":\"PRIME\"},\"image\":{\"@id\":\"https:\/\/prime-posts.com\/#\/schema\/logo\/image\/\"},\"sameAs\":[\"https:\/\/www.linkedin.com\/company\/prime-posts\",\"https:\/\/www.youtube.com\/channel\/UCLldkKJXxRSKqAtq9ZgiPaQ\"]}]}<\/script>\n<!-- \/ Yoast SEO plugin. -->","yoast_head_json":{"title":"Pol\u00edtica de Privacidad - PRIME","robots":{"index":"index","follow":"follow","max-snippet":"max-snippet:-1","max-image-preview":"max-image-preview:large","max-video-preview":"max-video-preview:-1"},"canonical":"https:\/\/prime-posts.com\/es\/privacy-policy\/","og_locale":"es_ES","og_type":"article","og_title":"Pol\u00edtica de Privacidad - PRIME","og_description":"A 3. Sus derechos Usted, como individuo cuyos datos personales se procesan seg\u00fan lo descrito en [&hellip;]","og_url":"https:\/\/prime-posts.com\/es\/privacy-policy\/","og_site_name":"PRIME","article_modified_time":"2023-02-20T02:29:29+00:00","twitter_card":"summary_large_image","twitter_misc":{"Tiempo de lectura":"1 minuto"},"schema":{"@context":"https:\/\/schema.org","@graph":[{"@type":"WebPage","@id":"https:\/\/prime-posts.com\/es\/privacy-policy\/","url":"https:\/\/prime-posts.com\/es\/privacy-policy\/","name":"Pol\u00edtica de Privacidad - PRIME","isPartOf":{"@id":"https:\/\/prime-posts.com\/#website"},"datePublished":"2022-06-30T03:57:27+00:00","dateModified":"2023-02-20T02:29:29+00:00","inLanguage":"es","potentialAction":[{"@type":"ReadAction","target":["https:\/\/prime-posts.com\/es\/privacy-policy\/"]}]},{"@type":"WebSite","@id":"https:\/\/prime-posts.com\/#website","url":"https:\/\/prime-posts.com\/","name":"PRIME","description":"Delivering the future in tracked packets","publisher":{"@id":"https:\/\/prime-posts.com\/#organization"},"potentialAction":[{"@type":"SearchAction","target":{"@type":"EntryPoint","urlTemplate":"https:\/\/prime-posts.com\/?s={search_term_string}"},"query-input":{"@type":"PropertyValueSpecification","valueRequired":true,"valueName":"search_term_string"}}],"inLanguage":"es"},{"@type":"Organization","@id":"https:\/\/prime-posts.com\/#organization","name":"PRIME","url":"https:\/\/prime-posts.com\/","logo":{"@type":"ImageObject","inLanguage":"es","@id":"https:\/\/prime-posts.com\/#\/schema\/logo\/image\/","url":"http:\/\/prime-posts.test\/wp-content\/uploads\/2021\/11\/prime-logo@2x.png","contentUrl":"http:\/\/prime-posts.test\/wp-content\/uploads\/2021\/11\/prime-logo@2x.png","width":1060,"height":218,"caption":"PRIME"},"image":{"@id":"https:\/\/prime-posts.com\/#\/schema\/logo\/image\/"},"sameAs":["https:\/\/www.linkedin.com\/company\/prime-posts","https:\/\/www.youtube.com\/channel\/UCLldkKJXxRSKqAtq9ZgiPaQ"]}]}},"_links":{"self":[{"href":"https:\/\/prime-posts.com\/es\/wp-json\/wp\/v2\/pages\/5553","targetHints":{"allow":["GET"]}}],"collection":[{"href":"https:\/\/prime-posts.com\/es\/wp-json\/wp\/v2\/pages"}],"about":[{"href":"https:\/\/prime-posts.com\/es\/wp-json\/wp\/v2\/types\/page"}],"author":[{"embeddable":true,"href":"https:\/\/prime-posts.com\/es\/wp-json\/wp\/v2\/users\/1"}],"replies":[{"embeddable":true,"href":"https:\/\/prime-posts.com\/es\/wp-json\/wp\/v2\/comments?post=5553"}],"version-history":[{"count":0,"href":"https:\/\/prime-posts.com\/es\/wp-json\/wp\/v2\/pages\/5553\/revisions"}],"wp:attachment":[{"href":"https:\/\/prime-posts.com\/es\/wp-json\/wp\/v2\/media?parent=5553"}],"curies":[{"name":"wp","href":"https:\/\/api.w.org\/{rel}","templated":true}]}}